{"id":242424,"date":"2022-11-29T13:57:31","date_gmt":"2022-11-29T13:57:31","guid":{"rendered":"https:\/\/www.paris-hotel-palym.com\/ecomovilidad\/"},"modified":"2022-11-29T15:22:39","modified_gmt":"2022-11-29T15:22:39","slug":"ecomovilidad","status":"publish","type":"page","link":"https:\/\/www.paris-hotel-palym.com\/es\/ecomovilidad\/","title":{"rendered":"Ecomovilidad"},"content":{"rendered":"[et_pb_section fb_built=\u00bb1&#8243; admin_label=\u00bbEn-t\u00eate\u00bb module_id=\u00bbbanner-section\u00bb module_class=\u00bbmotif\u00bb _builder_version=\u00bb4.5.1&#8243; background_enable_image=\u00bboff\u00bb hover_enabled=\u00bb0&#8243; locked=\u00bboff\u00bb collapsed=\u00bboff\u00bb][et_pb_row _builder_version=\u00bb4.5.1&#8243;][et_pb_column type=\u00bb4_4&#8243; _builder_version=\u00bb4.4.8&#8243;][et_pb_text _builder_version=\u00bb4.5.1&#8243; hover_enabled=\u00bb0&#8243;]<h1>Ecomovilidad<\/h1>\n<h2>Hotel dise\u00f1o en Par\u00eds &#8211; Gare de Lyon<\/h2>\n[\/et_pb_text][\/et_pb_column][\/et_pb_row][\/et_pb_section][et_pb_section fb_built=\u00bb1&#8243; admin_label=\u00bbEcomobilit\u00e9\u00bb module_class=\u00bbhome-hotel-palym-section\u00bb _builder_version=\u00bb4.4.8&#8243; locked=\u00bboff\u00bb collapsed=\u00bboff\u00bb][et_pb_row column_structure=\u00bb1_2,1_2&#8243; make_equal=\u00bbon\u00bb module_class=\u00bbecomobilite-row\u00bb _builder_version=\u00bb4.5.1&#8243; collapsed=\u00bboff\u00bb][et_pb_column type=\u00bb1_2&#8243; module_class=\u00bbhome-hotel-palym-column-1&#8243; _builder_version=\u00bb4.4.8&#8243;][et_pb_text _builder_version=\u00bb4.5.1&#8243; hover_enabled=\u00bb0&#8243;]<h2>Adopte la ecomovilidad para llegar al Hotel Palym<\/h2>\n<h3>Modos suaves, transporte p\u00fablico, coche compartido&#8230; elija entre un abanico de formas respetuosas con el medio ambiente para desplazarse por el hotel.<\/h3>\n<p>El transporte de personas representa m\u00e1s de una cuarta parte de la huella de carbono de Par\u00eds. Una gran parte proviene de los viajes en avi\u00f3n de los parisinos y otra parte del transporte por carretera. El transporte es tambi\u00e9n la principal fuente de contaminantes atmosf\u00e9ricos (\u00f3xidos de nitr\u00f3geno y part\u00edculas finas) responsables de las enfermedades respiratorias. La ciudad de Par\u00eds lleva 15 a\u00f1os trabajando para reducir las emisiones de gases de efecto invernadero procedentes del transporte. Desde 2004, las emisiones del tr\u00e1fico en Par\u00eds y en la circunvalaci\u00f3n han disminuido un 33%.<\/p>\n<p><strong>A continuaci\u00f3n se presentan algunas de las formas m\u00e1s ecol\u00f3gicas de viajar cerca del Hotel Palym ***.<\/strong><\/p>\n<p>&nbsp;<\/p>\n<p><span><\/span><\/p>\n[\/et_pb_text][\/et_pb_column][et_pb_column type=\u00bb1_2&#8243; module_class=\u00bbhome-hotel-palym-column-2&#8243; _builder_version=\u00bb4.4.8&#8243; background_image=\u00bbhttps:\/\/www.paris-hotel-palym.com\/wp-content\/uploads\/2020\/07\/Hotel-Palym-Chambres-Chambre-quadruple-1.jpg\u00bb][et_pb_image alt=\u00bbParking Velib Paris\u00bb title_text=\u00bbparis-france-city-bicycles-bike-rental-bicycle-parking (2)\u00bb module_class=\u00bbwhite-border\u00bb _builder_version=\u00bb4.5.1&#8243; background_image=\u00bbhttps:\/\/www.paris-hotel-palym.com\/wp-content\/uploads\/2022\/11\/paris-france-city-bicycles-bike-rental-bicycle-parking-2.jpg\u00bb][\/et_pb_image][\/et_pb_column][\/et_pb_row][\/et_pb_section][et_pb_section fb_built=\u00bb1&#8243; module_class=\u00bbservices-section neto-menu-section global-gallery-section\u00bb _builder_version=\u00bb4.5.1&#8243; locked=\u00bboff\u00bb collapsed=\u00bboff\u00bb][et_pb_row column_structure=\u00bb1_3,1_3,1_3&#8243; module_class=\u00bbservices-row eco-transports\u00bb _builder_version=\u00bb4.5.1&#8243;][et_pb_column type=\u00bb1_3&#8243; module_id=\u00bbreception\u00bb module_class=\u00bbwhite-border-hover div-trigger-open-first div-trigger\u00bb _builder_version=\u00bb4.4.8&#8243; background_image=\u00bbhttps:\/\/www.paris-hotel-palym.com\/wp-content\/uploads\/2020\/07\/reception.jpg\u00bb][et_pb_text _builder_version=\u00bb4.5.1&#8243; background_image=\u00bbhttps:\/\/www.paris-hotel-palym.com\/wp-content\/uploads\/2022\/11\/vlad-b-emjNOlbRZio-unsplash-1.jpg\u00bb hover_enabled=\u00bb0&#8243;]<h4>Modos suaves<\/h4>\n<div class=\"plus-btn\"><\/div>\n[\/et_pb_text][\/et_pb_column][et_pb_column type=\u00bb1_3&#8243; module_id=\u00bbsalon\u00bb module_class=\u00bbwhite-border-hover div-trigger\u00bb _builder_version=\u00bb4.4.8&#8243; background_image=\u00bbhttps:\/\/www.paris-hotel-palym.com\/wp-content\/uploads\/2020\/07\/salon.jpeg\u00bb][et_pb_text _builder_version=\u00bb4.5.1&#8243; background_image=\u00bbhttps:\/\/www.paris-hotel-palym.com\/wp-content\/uploads\/2022\/11\/friends-in-car-having-trip-together.jpg\u00bb hover_enabled=\u00bb0&#8243;]<h4>Compartir veh\u00edculos<\/h4>\n<div class=\"plus-btn\"><\/div>\n[\/et_pb_text][\/et_pb_column][et_pb_column type=\u00bb1_3&#8243; module_id=\u00bbpetit-dejeuner\u00bb module_class=\u00bbwhite-border-hover div-trigger\u00bb _builder_version=\u00bb4.4.8&#8243; background_image=\u00bbhttps:\/\/www.paris-hotel-palym.com\/wp-content\/uploads\/2020\/07\/Petit-de\u0301jeuner.jpeg\u00bb][et_pb_text _builder_version=\u00bb4.5.1&#8243; background_image=\u00bbhttps:\/\/www.paris-hotel-palym.com\/wp-content\/uploads\/2022\/11\/french-man-entering-the-subway-train.jpg\u00bb hover_enabled=\u00bb0&#8243;]<h4>Transporte p\u00fablico<\/h4>\n<div class=\"plus-btn\"><\/div>\n[\/et_pb_text][\/et_pb_column][\/et_pb_row][et_pb_row column_structure=\u00bb2_5,3_5&#8243; make_equal=\u00bbon\u00bb admin_label=\u00bbR\u00e9ception\u00bb module_class=\u00bbservices-content-row div-content reception\u00bb _builder_version=\u00bb4.4.8&#8243;][et_pb_column type=\u00bb2_5&#8243; module_class=\u00bbwhite-border\u00bb _builder_version=\u00bb4.4.8&#8243;][et_pb_text _builder_version=\u00bb4.5.1&#8243; hover_enabled=\u00bb0&#8243;]<h3>Modos suaves<\/h3>\n<p>Bicicleta<br \/>Caminando<br \/>Monopat\u00edn, patinete, patines&#8230;<\/p>\n[\/et_pb_text][\/et_pb_column][et_pb_column type=\u00bb3_5&#8243; _builder_version=\u00bb4.4.8&#8243; background_enable_image=\u00bboff\u00bb][et_pb_image alt=\u00bbDeux personnes en trottinette \u00e9lectrique dans Paris\u00bb title_text=\u00bbvlad-b-emjNOlbRZio-unsplash (1)\u00bb disabled_on=\u00bboff|off|off\u00bb _builder_version=\u00bb4.5.1&#8243; background_image=\u00bbhttps:\/\/www.paris-hotel-palym.com\/wp-content\/uploads\/2022\/11\/vlad-b-emjNOlbRZio-unsplash-1.jpg\u00bb][\/et_pb_image][\/et_pb_column][\/et_pb_row][et_pb_row column_structure=\u00bb2_5,3_5&#8243; make_equal=\u00bbon\u00bb admin_label=\u00bbSalon\u00bb module_class=\u00bbservices-content-row div-content salon\u00bb _builder_version=\u00bb4.4.8&#8243;][et_pb_column type=\u00bb2_5&#8243; module_class=\u00bbwhite-border\u00bb _builder_version=\u00bb4.4.8&#8243;][et_pb_text _builder_version=\u00bb4.5.1&#8243; hover_enabled=\u00bb0&#8243;]<h3>Compartir veh\u00edculos<\/h3>\n<p>Compartir coche<br \/>Compartir coche<br \/>Alquiler privado<\/p>\n[\/et_pb_text][\/et_pb_column][et_pb_column type=\u00bb3_5&#8243; _builder_version=\u00bb4.4.8&#8243; background_enable_image=\u00bboff\u00bb][et_pb_image alt=\u00bbCovoiturage\u00bb title_text=\u00bbfriends-in-car-having-trip-together\u00bb _builder_version=\u00bb4.5.1&#8243; background_image=\u00bbhttps:\/\/www.paris-hotel-palym.com\/wp-content\/uploads\/2022\/11\/friends-in-car-having-trip-together.jpg\u00bb][\/et_pb_image][\/et_pb_column][\/et_pb_row][et_pb_row column_structure=\u00bb1_2,1_2&#8243; make_equal=\u00bbon\u00bb admin_label=\u00bbPetit-d\u00e9jeuner\u00bb module_class=\u00bbservices-content-row div-content petit-dejeuner\u00bb _builder_version=\u00bb4.5.1&#8243;][et_pb_column type=\u00bb1_2&#8243; module_class=\u00bbwhite-border\u00bb _builder_version=\u00bb4.4.8&#8243;][et_pb_text _builder_version=\u00bb4.5.1&#8243; hover_enabled=\u00bb0&#8243;]<h3>Transporte p\u00fablico<\/h3>\n<p>Metro<br \/>RER<br \/>Tranv\u00eda<br \/>Autob\u00fas<\/p>\n[\/et_pb_text][\/et_pb_column][et_pb_column type=\u00bb1_2&#8243; _builder_version=\u00bb4.4.8&#8243; background_enable_image=\u00bboff\u00bb][et_pb_image alt=\u00bbHomme rentrant dans le m\u00e9tro parisien\u00bb title_text=\u00bbfrench-man-entering-the-subway-train\u00bb _builder_version=\u00bb4.5.1&#8243; background_image=\u00bbhttps:\/\/www.paris-hotel-palym.com\/wp-content\/uploads\/2022\/11\/french-man-entering-the-subway-train.jpg\u00bb locked=\u00bboff\u00bb][\/et_pb_image][\/et_pb_column][\/et_pb_row][\/et_pb_section]","protected":false},"excerpt":{"rendered":"[et_pb_section fb_built=\u00bb1&#8243; admin_label=\u00bbEn-t\u00eate\u00bb module_id=\u00bbbanner-section\u00bb module_class=\u00bbmotif\u00bb _builder_version=\u00bb4.5.1&#8243; background_enable_image=\u00bboff\u00bb hover_enabled=\u00bb0&#8243; locked=\u00bboff\u00bb collapsed=\u00bboff\u00bb][et_pb_row _builder_version=\u00bb4.5.1&#8243;][et_pb_column type=\u00bb4_4&#8243; _builder_version=\u00bb4.4.8&#8243;][et_pb_text _builder_version=\u00bb4.5.1&#8243; hover_enabled=\u00bb0&#8243;]Ecomovilidad Hotel dise\u00f1o en Par\u00eds &#8211; Gare de Lyon [\/et_pb_text][\/et_pb_column][\/et_pb_row][\/et_pb_section][et_pb_section fb_built=\u00bb1&#8243; admin_label=\u00bbEcomobilit\u00e9\u00bb module_class=\u00bbhome-hotel-palym-section\u00bb _builder_version=\u00bb4.4.8&#8243; locked=\u00bboff\u00bb collapsed=\u00bboff\u00bb][et_pb_row column_structure=\u00bb1_2,1_2&#8243; make_equal=\u00bbon\u00bb module_class=\u00bbecomobilite-row\u00bb _builder_version=\u00bb4.5.1&#8243; collapsed=\u00bboff\u00bb][et_pb_column type=\u00bb1_2&#8243; module_class=\u00bbhome-hotel-palym-column-1&#8243; _builder_version=\u00bb4.4.8&#8243;][et_pb_text _builder_version=\u00bb4.5.1&#8243; hover_enabled=\u00bb0&#8243;]Adopte la ecomovilidad para llegar al Hotel Palym Modos suaves, transporte p\u00fablico, coche compartido&#8230; elija entre [&hellip;]","protected":false},"author":1,"featured_media":0,"parent":0,"menu_order":0,"comment_status":"closed","ping_status":"closed","template":"","meta":{"_et_pb_use_builder":"on","_et_pb_old_content":"","_et_gb_content_width":""},"yoast_head":"<!-- This site is optimized with the Yoast SEO plugin v14.3 - https:\/\/yoast.com\/wordpress\/plugins\/seo\/ -->\n<title>Ecomovilidad - H\u00f4tel Palym - Paris Lyon<\/title>\n<meta name=\"description\" content=\"Descubra los retos de la ecomovilidad y las soluciones para sus viajes en torno al Hotel Palym ***, hotel a 100 metros de la Gare de Lyon en Par\u00eds.\" \/>\n<meta name=\"robots\" content=\"index, follow\" \/>\n<meta name=\"googlebot\" content=\"index, follow, max-snippet:-1, max-image-preview:large, max-video-preview:-1\" \/>\n<meta name=\"bingbot\" content=\"index, follow, max-snippet:-1, max-image-preview:large, max-video-preview:-1\" \/>\n<link rel=\"canonical\" href=\"https:\/\/www.paris-hotel-palym.com\/it\/ecomobilita\/\" \/>\n<meta property=\"og:locale\" content=\"es_ES\" \/>\n<meta property=\"og:type\" content=\"article\" \/>\n<meta property=\"og:title\" content=\"Ecomovilidad - H\u00f4tel Palym - Paris Lyon\" \/>\n<meta property=\"og:description\" content=\"Descubra los retos de la ecomovilidad y las soluciones para sus viajes en torno al Hotel Palym ***, hotel a 100 metros de la Gare de Lyon en Par\u00eds.\" \/>\n<meta property=\"og:url\" content=\"https:\/\/www.paris-hotel-palym.com\/it\/ecomobilita\/\" \/>\n<meta property=\"og:site_name\" content=\"H\u00f4tel Palym - Paris Lyon\" \/>\n<meta property=\"article:modified_time\" content=\"2022-11-29T15:22:39+00:00\" \/>\n<meta name=\"twitter:card\" content=\"summary_large_image\" \/>\n<script type=\"application\/ld+json\" class=\"yoast-schema-graph\">{\"@context\":\"https:\/\/schema.org\",\"@graph\":[{\"@type\":\"WebSite\",\"@id\":\"https:\/\/www.paris-hotel-palym.com\/es\/#website\",\"url\":\"https:\/\/www.paris-hotel-palym.com\/es\/\",\"name\":\"H\\u00f4tel Palym - Paris Lyon\",\"description\":\"H\\u00f4tel Design \\u00e0 Paris Gare de Lyon\",\"potentialAction\":[{\"@type\":\"SearchAction\",\"target\":\"https:\/\/www.paris-hotel-palym.com\/es\/?s={search_term_string}\",\"query-input\":\"required name=search_term_string\"}],\"inLanguage\":\"es\"},{\"@type\":\"WebPage\",\"@id\":\"https:\/\/www.paris-hotel-palym.com\/it\/ecomobilita\/#webpage\",\"url\":\"https:\/\/www.paris-hotel-palym.com\/it\/ecomobilita\/\",\"name\":\"Ecomovilidad - H\\u00f4tel Palym - Paris Lyon\",\"isPartOf\":{\"@id\":\"https:\/\/www.paris-hotel-palym.com\/es\/#website\"},\"datePublished\":\"2022-11-29T13:57:31+00:00\",\"dateModified\":\"2022-11-29T15:22:39+00:00\",\"description\":\"Descubra los retos de la ecomovilidad y las soluciones para sus viajes en torno al Hotel Palym ***, hotel a 100 metros de la Gare de Lyon en Par\\u00eds.\",\"inLanguage\":\"es\",\"potentialAction\":[{\"@type\":\"ReadAction\",\"target\":[\"https:\/\/www.paris-hotel-palym.com\/it\/ecomobilita\/\"]}]}]}<\/script>\n<!-- \/ Yoast SEO plugin. -->","_links":{"self":[{"href":"https:\/\/www.paris-hotel-palym.com\/es\/wp-json\/wp\/v2\/pages\/242424"}],"collection":[{"href":"https:\/\/www.paris-hotel-palym.com\/es\/wp-json\/wp\/v2\/pages"}],"about":[{"href":"https:\/\/www.paris-hotel-palym.com\/es\/wp-json\/wp\/v2\/types\/page"}],"author":[{"embeddable":true,"href":"https:\/\/www.paris-hotel-palym.com\/es\/wp-json\/wp\/v2\/users\/1"}],"replies":[{"embeddable":true,"href":"https:\/\/www.paris-hotel-palym.com\/es\/wp-json\/wp\/v2\/comments?post=242424"}],"version-history":[{"count":6,"href":"https:\/\/www.paris-hotel-palym.com\/es\/wp-json\/wp\/v2\/pages\/242424\/revisions"}],"predecessor-version":[{"id":242463,"href":"https:\/\/www.paris-hotel-palym.com\/es\/wp-json\/wp\/v2\/pages\/242424\/revisions\/242463"}],"wp:attachment":[{"href":"https:\/\/www.paris-hotel-palym.com\/es\/wp-json\/wp\/v2\/media?parent=242424"}],"curies":[{"name":"wp","href":"https:\/\/api.w.org\/{rel}","templated":true}]}}