{"id":239749,"date":"2020-07-01T08:14:28","date_gmt":"2020-07-01T08:14:28","guid":{"rendered":"https:\/\/www.paris-hotel-palym.com\/acces\/"},"modified":"2022-02-24T10:42:22","modified_gmt":"2022-02-24T10:42:22","slug":"direcciones","status":"publish","type":"page","link":"https:\/\/www.paris-hotel-palym.com\/es\/direcciones\/","title":{"rendered":"Direcciones"},"content":{"rendered":"[et_pb_section fb_built=\u00bb1&#8243; module_id=\u00bbbanner-section\u00bb _builder_version=\u00bb4.4.8&#8243; background_image=\u00bbhttps:\/\/www.paris-hotel-palym.com\/wp-content\/uploads\/2020\/07\/Hotel-Palym-Galerie-Gare-de-Lyon.jpg\u00bb locked=\u00bboff\u00bb collapsed=\u00bboff\u00bb][et_pb_row _builder_version=\u00bb4.4.8&#8243;][et_pb_column type=\u00bb4_4&#8243; _builder_version=\u00bb4.4.8&#8243;][et_pb_text _builder_version=\u00bb4.4.8&#8243;]<h1>Direcciones<\/h1>\r\n<h2>Hotel de dise\u00f1o en Par\u00eds &#8211; Gare de Lyon<\/h2>[\/et_pb_text][\/et_pb_column][\/et_pb_row][\/et_pb_section][et_pb_section fb_built=\u00bb1&#8243; module_class=\u00bbacces-section neto-menu-section\u00bb _builder_version=\u00bb4.4.8&#8243;][et_pb_row column_structure=\u00bb3_5,2_5&#8243; make_equal=\u00bbon\u00bb module_class=\u00bbacces-row acces-maps-row\u00bb _builder_version=\u00bb4.5.1&#8243;][et_pb_column type=\u00bb3_5&#8243; module_class=\u00bbacces-form-column\u00bb _builder_version=\u00bb4.4.8&#8243;][et_pb_map address=\u00bb4 Rue Emile Gilbert, 75012 Paris, France\u00bb address_lat=\u00bb48.846241&#8243; address_lng=\u00bb2.3734504&#8243; mouse_wheel=\u00bboff\u00bb _builder_version=\u00bb4.4.8&#8243; background_image=\u00bbhttps:\/\/www.paris-hotel-palym.com\/wp-content\/uploads\/2020\/07\/icone-palym.png\u00bb][et_pb_map_pin pin_address=\u00bb4 Rue Emile Gilbert, 75012 Paris, France\u00bb pin_address_lat=\u00bb48.846241&#8243; pin_address_lng=\u00bb2.3734504&#8243; _builder_version=\u00bb4.4.8&#8243;][\/et_pb_map_pin][\/et_pb_map][\/et_pb_column][et_pb_column type=\u00bb2_5&#8243; module_class=\u00bbacces-transport-column\u00bb _builder_version=\u00bb4.4.8&#8243;][et_pb_text admin_label=\u00bbTitre\u00bb _builder_version=\u00bb4.4.8&#8243;]<h3>\u00bfC\u00f3mo llego all\u00ed?<\/h3>[\/et_pb_text][et_pb_code module_class=\u00bbborder-ext\u00bb _builder_version=\u00bb4.5.1&#8243; hover_enabled=\u00bb0&#8243;]<div class=\"transports-trigger-div\"><!-- [et_pb_line_break_holder] --><a id=\"voiture\" class=\"div-trigger div-trigger-open-first\"><\/a><!-- [et_pb_line_break_holder] --><a id=\"bus\" class=\"div-trigger\"><\/a><!-- [et_pb_line_break_holder] --><a id=\"train\" class=\"div-trigger\"><\/a><!-- [et_pb_line_break_holder] --><a id=\"avion\" class=\"div-trigger\"><\/a><!-- [et_pb_line_break_holder] --><\/div><!-- [et_pb_line_break_holder] --><!-- [et_pb_line_break_holder] --><div class=\"div-content voiture\"><!-- [et_pb_line_break_holder] --><h3><!-- [et_pb_line_break_holder] -->  En coche<!-- [et_pb_line_break_holder] --><!-- [et_pb_line_break_holder] --><\/h3><!-- [et_pb_line_break_holder] -->\t<pee><!-- [et_pb_line_break_holder] -->    Dispositivo de salida:<\/br><!-- [et_pb_line_break_holder] -->12 minutos de la Porte de Vincennes por el Boulevard Diderot<!-- [et_pb_line_break_holder] -->A cargo de aparcamiento p\u00fablico (250 metros del hotel)<!-- [et_pb_line_break_holder] -->  <\/pee><!-- [et_pb_line_break_holder] --><\/div><!-- [et_pb_line_break_holder] --><!-- [et_pb_line_break_holder] --><div class=\"div-content bus\"><!-- [et_pb_line_break_holder] --><h3><!-- [et_pb_line_break_holder] -->  En metro, Transilien, autob\u00fas<!-- [et_pb_line_break_holder] --><\/h3><!-- [et_pb_line_break_holder] -->\t<pee><!-- [et_pb_line_break_holder] -->    La estaci\u00f3n de metro Gare de Lyon : <\/br><!-- [et_pb_line_break_holder] -->Las l\u00edneas 1 y 14,<!-- [et_pb_line_break_holder] -->RER A y RER D,<!-- [et_pb_line_break_holder] -->Transilien l\u00ednea R<!-- [et_pb_line_break_holder] -->bus 20, 24, 61, 63, 65, 87, 91 y Bb balabus.<!-- [et_pb_line_break_holder] -->  <\/pee><!-- [et_pb_line_break_holder] --><\/div><!-- [et_pb_line_break_holder] --><!-- [et_pb_line_break_holder] --><div class=\"div-content train\"><!-- [et_pb_line_break_holder] --><h3><!-- [et_pb_line_break_holder] -->  Desde las estaciones de tren<!-- [et_pb_line_break_holder] --><!-- [et_pb_line_break_holder] --><\/h3><!-- [et_pb_line_break_holder] -->\t<pee><!-- [et_pb_line_break_holder] --><b>Gare du Nord :<\/b><!-- [et_pb_line_break_holder] -->RER D Gare du Nord\/Gare de Lyon<!-- [et_pb_line_break_holder] -->  <\/pee><!-- [et_pb_line_break_holder] -->  <!-- [et_pb_line_break_holder] -->  <pee><!-- [et_pb_line_break_holder] --><b>Gare de Lyon :<\/b><!-- [et_pb_line_break_holder] -->Un minuto a pie<!-- [et_pb_line_break_holder] -->\t<\/pee><!-- [et_pb_line_break_holder] -->  <!-- [et_pb_line_break_holder] -->  <pee><!-- [et_pb_line_break_holder] --><b>Gare Montparnasse :<\/b><!-- [et_pb_line_break_holder] -->L\u00ednea 12 de metro hasta Champs Elys\u00e9es Cl\u00e9menceau y luego la l\u00ednea 1 a la estaci\u00f3n de Lyon<!-- [et_pb_line_break_holder] -->o directamente por el bus 91 (parada estaci\u00f3n de Lyon-Diderot)<!-- [et_pb_line_break_holder] -->\t<\/pee><!-- [et_pb_line_break_holder] -->  <!-- [et_pb_line_break_holder] -->  <pee><!-- [et_pb_line_break_holder] --><b>Gare de l\u2019Est :<\/b><!-- [et_pb_line_break_holder] -->L\u00ednea 5 del Metro de Quai de la Rap\u00e9e<!-- [et_pb_line_break_holder] -->luego 9 minutos a pie<!-- [et_pb_line_break_holder] -->  <\/pee><!-- [et_pb_line_break_holder] --><\/div><!-- [et_pb_line_break_holder] --><!-- [et_pb_line_break_holder] --><div class=\"div-content avion\"><!-- [et_pb_line_break_holder] --><h3><!-- [et_pb_line_break_holder] -->  Desde los aeropuertos<!-- [et_pb_line_break_holder] --><!-- [et_pb_line_break_holder] --><\/h3><!-- [et_pb_line_break_holder] -->\t<pee><!-- [et_pb_line_break_holder] -->La forma m\u00e1s sencilla es utilizar: <img width=\"60\" alt=\"H\u00f4tel Palym - Bus Direct\" src=\"\/wp-content\/uploads\/2020\/07\/bus-direct.png\"> <\/br><!-- [et_pb_line_break_holder] -->para m\u00e1s informaci\u00f3n <a target=\"_blank\" href=\"https:\/\/www.lebusdirect.com\" rel=\"noopener noreferrer\">https:\/\/www.lebusdirect.com<\/a><\/br><!-- [et_pb_line_break_holder] -->\t<\/pee><!-- [et_pb_line_break_holder] --><!-- [et_pb_line_break_holder] --><pee><!-- [et_pb_line_break_holder] --><b>Aeropuerto Roissy-Charles de Gaulle :<\/b> 47 minutos en autob\u00fas directo (sin cambios) o en RER en 44 minutos, el RER B hasta Ch\u00e2telet y luego el RER una parada de Gare de Lyon<!-- [et_pb_line_break_holder] --><\/pee><!-- [et_pb_line_break_holder] --><!-- [et_pb_line_break_holder] -->\t<pee><!-- [et_pb_line_break_holder] --><b>El aeropuerto de Orly :<\/b> 44 minutos en autob\u00fas directo 1 entonces en Gare Montparnasse tomar el autob\u00fas directo 4 de la Gare de Lyon o tomar el Orlyval hasta Antony, luego el RER B hasta Ch\u00e2telet-les Halles y metro l\u00ednea 1 hasta la estaci\u00f3n de Lyon<!-- [et_pb_line_break_holder] -->  <\/pee><!-- [et_pb_line_break_holder] --><\/div>[\/et_pb_code][\/et_pb_column][\/et_pb_row][\/et_pb_section][et_pb_section fb_built=\u00bb1&#8243; admin_label=\u00bbMaps\u00bb module_class=\u00bbcontact-section\u00bb _builder_version=\u00bb4.5.1&#8243;][et_pb_row column_structure=\u00bb1_5,3_5,1_5&#8243; module_class=\u00bbacces-row\u00bb _builder_version=\u00bb4.5.1&#8243;][et_pb_column type=\u00bb1_5&#8243; _builder_version=\u00bb4.4.8&#8243;][\/et_pb_column][et_pb_column type=\u00bb3_5&#8243; module_class=\u00bbacces-form-column\u00bb _builder_version=\u00bb4.5.1&#8243;][et_pb_contact_form email=\u00bbinfos@hotel-palym.com\u00bb title=\u00bb\u00bfTiene alguna pregunta?\u00bb custom_message=\u00bbMessage de : %%name%% %%prenom%%||et_pb_line_break_holder||Email : %%email%%||et_pb_line_break_holder||Message : %%message%%\u00bb submit_button_text=\u00bbEnv\u00eda\u00bb _builder_version=\u00bb4.4.8&#8243; form_field_text_color=\u00bb#463C6C\u00bb][et_pb_contact_field field_id=\u00bbname\u00bb field_title=\u00bbNombre\u00bb _builder_version=\u00bb4.4.8&#8243; button_text_size__hover_enabled=\u00bboff\u00bb button_one_text_size__hover_enabled=\u00bboff\u00bb button_two_text_size__hover_enabled=\u00bboff\u00bb button_text_color__hover_enabled=\u00bboff\u00bb button_one_text_color__hover_enabled=\u00bboff\u00bb button_two_text_color__hover_enabled=\u00bboff\u00bb button_border_width__hover_enabled=\u00bboff\u00bb button_one_border_width__hover_enabled=\u00bboff\u00bb button_two_border_width__hover_enabled=\u00bboff\u00bb button_border_color__hover_enabled=\u00bboff\u00bb button_one_border_color__hover_enabled=\u00bboff\u00bb button_two_border_color__hover_enabled=\u00bboff\u00bb button_border_radius__hover_enabled=\u00bboff\u00bb button_one_border_radius__hover_enabled=\u00bboff\u00bb button_two_border_radius__hover_enabled=\u00bboff\u00bb button_letter_spacing__hover_enabled=\u00bboff\u00bb button_one_letter_spacing__hover_enabled=\u00bboff\u00bb button_two_letter_spacing__hover_enabled=\u00bboff\u00bb button_bg_color__hover_enabled=\u00bboff\u00bb button_one_bg_color__hover_enabled=\u00bboff\u00bb button_two_bg_color__hover_enabled=\u00bboff\u00bb][\/et_pb_contact_field][et_pb_contact_field field_id=\u00bbprenom\u00bb field_title=\u00bbApellido\u00bb _builder_version=\u00bb4.4.8&#8243;][\/et_pb_contact_field][et_pb_contact_field field_id=\u00bbemail\u00bb field_title=\u00bbE-mail\u00bb field_type=\u00bbemail\u00bb _builder_version=\u00bb4.4.8&#8243; button_text_size__hover_enabled=\u00bboff\u00bb button_one_text_size__hover_enabled=\u00bboff\u00bb button_two_text_size__hover_enabled=\u00bboff\u00bb button_text_color__hover_enabled=\u00bboff\u00bb button_one_text_color__hover_enabled=\u00bboff\u00bb button_two_text_color__hover_enabled=\u00bboff\u00bb button_border_width__hover_enabled=\u00bboff\u00bb button_one_border_width__hover_enabled=\u00bboff\u00bb button_two_border_width__hover_enabled=\u00bboff\u00bb button_border_color__hover_enabled=\u00bboff\u00bb button_one_border_color__hover_enabled=\u00bboff\u00bb button_two_border_color__hover_enabled=\u00bboff\u00bb button_border_radius__hover_enabled=\u00bboff\u00bb button_one_border_radius__hover_enabled=\u00bboff\u00bb button_two_border_radius__hover_enabled=\u00bboff\u00bb button_letter_spacing__hover_enabled=\u00bboff\u00bb button_one_letter_spacing__hover_enabled=\u00bboff\u00bb button_two_letter_spacing__hover_enabled=\u00bboff\u00bb button_bg_color__hover_enabled=\u00bboff\u00bb button_one_bg_color__hover_enabled=\u00bboff\u00bb button_two_bg_color__hover_enabled=\u00bboff\u00bb][\/et_pb_contact_field][et_pb_contact_field field_id=\u00bbcode-postal\u00bb field_title=\u00bbC\u00f3digo postal\u00bb _builder_version=\u00bb4.4.8&#8243;][\/et_pb_contact_field][et_pb_contact_field field_id=\u00bbmessage\u00bb field_title=\u00bbMensaje\u00bb field_type=\u00bbtext\u00bb fullwidth_field=\u00bbon\u00bb _builder_version=\u00bb4.4.8&#8243; button_text_size__hover_enabled=\u00bboff\u00bb button_one_text_size__hover_enabled=\u00bboff\u00bb button_two_text_size__hover_enabled=\u00bboff\u00bb button_text_color__hover_enabled=\u00bboff\u00bb button_one_text_color__hover_enabled=\u00bboff\u00bb button_two_text_color__hover_enabled=\u00bboff\u00bb button_border_width__hover_enabled=\u00bboff\u00bb button_one_border_width__hover_enabled=\u00bboff\u00bb button_two_border_width__hover_enabled=\u00bboff\u00bb button_border_color__hover_enabled=\u00bboff\u00bb button_one_border_color__hover_enabled=\u00bboff\u00bb button_two_border_color__hover_enabled=\u00bboff\u00bb button_border_radius__hover_enabled=\u00bboff\u00bb button_one_border_radius__hover_enabled=\u00bboff\u00bb button_two_border_radius__hover_enabled=\u00bboff\u00bb button_letter_spacing__hover_enabled=\u00bboff\u00bb button_one_letter_spacing__hover_enabled=\u00bboff\u00bb button_two_letter_spacing__hover_enabled=\u00bboff\u00bb button_bg_color__hover_enabled=\u00bboff\u00bb button_one_bg_color__hover_enabled=\u00bboff\u00bb button_two_bg_color__hover_enabled=\u00bboff\u00bb][\/et_pb_contact_field][et_pb_contact_field field_id=\u00bbcopie\u00bb field_title=\u00bb \u00bb field_type=\u00bbcheckbox\u00bb checkbox_options=\u00bb%91{%22value%22:%22Me gustar\u00eda recibir una copia del mensaje en mi correo electr\u00f3nico%22,%22checked%22:0,%22dragID%22:-1}%93&#8243; required_mark=\u00bboff\u00bb fullwidth_field=\u00bbon\u00bb _builder_version=\u00bb4.4.8&#8243;][\/et_pb_contact_field][\/et_pb_contact_form][\/et_pb_column][et_pb_column type=\u00bb1_5&#8243; _builder_version=\u00bb4.4.8&#8243;][\/et_pb_column][\/et_pb_row][\/et_pb_section]","protected":false},"excerpt":{"rendered":"[et_pb_section fb_built=\u00bb1&#8243; module_id=\u00bbbanner-section\u00bb _builder_version=\u00bb4.4.8&#8243; background_image=\u00bbhttps:\/\/www.paris-hotel-palym.com\/wp-content\/uploads\/2020\/07\/Hotel-Palym-Galerie-Gare-de-Lyon.jpg\u00bb locked=\u00bboff\u00bb collapsed=\u00bboff\u00bb][et_pb_row _builder_version=\u00bb4.4.8&#8243;][et_pb_column type=\u00bb4_4&#8243; _builder_version=\u00bb4.4.8&#8243;][et_pb_text _builder_version=\u00bb4.4.8&#8243;]Direcciones Hotel de dise\u00f1o en Par\u00eds &#8211; Gare de Lyon[\/et_pb_text][\/et_pb_column][\/et_pb_row][\/et_pb_section][et_pb_section fb_built=\u00bb1&#8243; module_class=\u00bbacces-section neto-menu-section\u00bb _builder_version=\u00bb4.4.8&#8243;][et_pb_row column_structure=\u00bb3_5,2_5&#8243; make_equal=\u00bbon\u00bb module_class=\u00bbacces-row acces-maps-row\u00bb _builder_version=\u00bb4.5.1&#8243;][et_pb_column type=\u00bb3_5&#8243; module_class=\u00bbacces-form-column\u00bb _builder_version=\u00bb4.4.8&#8243;][et_pb_map address=\u00bb4 Rue Emile Gilbert, 75012 Paris, France\u00bb address_lat=\u00bb48.846241&#8243; address_lng=\u00bb2.3734504&#8243; mouse_wheel=\u00bboff\u00bb _builder_version=\u00bb4.4.8&#8243; background_image=\u00bbhttps:\/\/www.paris-hotel-palym.com\/wp-content\/uploads\/2020\/07\/icone-palym.png\u00bb][et_pb_map_pin pin_address=\u00bb4 Rue Emile Gilbert, 75012 Paris, France\u00bb pin_address_lat=\u00bb48.846241&#8243; pin_address_lng=\u00bb2.3734504&#8243; _builder_version=\u00bb4.4.8&#8243;][\/et_pb_map_pin][\/et_pb_map][\/et_pb_column][et_pb_column type=\u00bb2_5&#8243; [&hellip;]","protected":false},"author":1,"featured_media":0,"parent":0,"menu_order":0,"comment_status":"closed","ping_status":"closed","template":"","meta":{"_et_pb_use_builder":"on","_et_pb_old_content":"","_et_gb_content_width":""},"yoast_head":"<!-- This site is optimized with the Yoast SEO plugin v14.3 - https:\/\/yoast.com\/wordpress\/plugins\/seo\/ -->\n<title>Hotel *** Palym | Hotel design Paris | Acceso<\/title>\n<meta name=\"description\" content=\"Encuentre toda la informaci\u00f3n para venir al hotel de dise\u00f1o *** Palym en Par\u00eds, situado al pie de la estaci\u00f3n Gare de Lyon, cerca de Notre-Dame, Bastille o Bercy Village.\" \/>\n<meta name=\"robots\" content=\"index, follow\" \/>\n<meta name=\"googlebot\" content=\"index, follow, max-snippet:-1, max-image-preview:large, max-video-preview:-1\" \/>\n<meta name=\"bingbot\" content=\"index, follow, max-snippet:-1, max-image-preview:large, max-video-preview:-1\" \/>\n<link rel=\"canonical\" href=\"https:\/\/www.paris-hotel-palym.com\/es\/direcciones\/\" \/>\n<meta property=\"og:locale\" content=\"es_ES\" \/>\n<meta property=\"og:type\" content=\"article\" \/>\n<meta property=\"og:title\" content=\"Hotel *** Palym | Hotel design Paris | Acceso\" \/>\n<meta property=\"og:description\" content=\"Encuentre toda la informaci\u00f3n para venir al hotel de dise\u00f1o *** Palym en Par\u00eds, situado al pie de la estaci\u00f3n Gare de Lyon, cerca de Notre-Dame, Bastille o Bercy Village.\" \/>\n<meta property=\"og:url\" content=\"https:\/\/www.paris-hotel-palym.com\/es\/direcciones\/\" \/>\n<meta property=\"og:site_name\" content=\"H\u00f4tel Palym - Paris Lyon\" \/>\n<meta property=\"article:modified_time\" content=\"2022-02-24T10:42:22+00:00\" \/>\n<meta property=\"og:image\" content=\"https:\/\/www.paris-hotel-palym.com\/wp-content\/uploads\/2020\/07\/bus-direct.png\" \/>\n<meta name=\"twitter:card\" content=\"summary_large_image\" \/>\n<script type=\"application\/ld+json\" class=\"yoast-schema-graph\">{\"@context\":\"https:\/\/schema.org\",\"@graph\":[{\"@type\":\"WebSite\",\"@id\":\"https:\/\/www.paris-hotel-palym.com\/es\/#website\",\"url\":\"https:\/\/www.paris-hotel-palym.com\/es\/\",\"name\":\"H\\u00f4tel Palym - Paris Lyon\",\"description\":\"H\\u00f4tel Design \\u00e0 Paris Gare de Lyon\",\"potentialAction\":[{\"@type\":\"SearchAction\",\"target\":\"https:\/\/www.paris-hotel-palym.com\/es\/?s={search_term_string}\",\"query-input\":\"required name=search_term_string\"}],\"inLanguage\":\"es\"},{\"@type\":\"ImageObject\",\"@id\":\"https:\/\/www.paris-hotel-palym.com\/es\/direcciones\/#primaryimage\",\"inLanguage\":\"es\",\"url\":\"\/wp-content\/uploads\/2020\/07\/bus-direct.png\"},{\"@type\":\"WebPage\",\"@id\":\"https:\/\/www.paris-hotel-palym.com\/es\/direcciones\/#webpage\",\"url\":\"https:\/\/www.paris-hotel-palym.com\/es\/direcciones\/\",\"name\":\"Hotel *** Palym | Hotel design Paris | Acceso\",\"isPartOf\":{\"@id\":\"https:\/\/www.paris-hotel-palym.com\/es\/#website\"},\"primaryImageOfPage\":{\"@id\":\"https:\/\/www.paris-hotel-palym.com\/es\/direcciones\/#primaryimage\"},\"datePublished\":\"2020-07-01T08:14:28+00:00\",\"dateModified\":\"2022-02-24T10:42:22+00:00\",\"description\":\"Encuentre toda la informaci\\u00f3n para venir al hotel de dise\\u00f1o *** Palym en Par\\u00eds, situado al pie de la estaci\\u00f3n Gare de Lyon, cerca de Notre-Dame, Bastille o Bercy Village.\",\"inLanguage\":\"es\",\"potentialAction\":[{\"@type\":\"ReadAction\",\"target\":[\"https:\/\/www.paris-hotel-palym.com\/es\/direcciones\/\"]}]}]}<\/script>\n<!-- \/ Yoast SEO plugin. -->","_links":{"self":[{"href":"https:\/\/www.paris-hotel-palym.com\/es\/wp-json\/wp\/v2\/pages\/239749"}],"collection":[{"href":"https:\/\/www.paris-hotel-palym.com\/es\/wp-json\/wp\/v2\/pages"}],"about":[{"href":"https:\/\/www.paris-hotel-palym.com\/es\/wp-json\/wp\/v2\/types\/page"}],"author":[{"embeddable":true,"href":"https:\/\/www.paris-hotel-palym.com\/es\/wp-json\/wp\/v2\/users\/1"}],"replies":[{"embeddable":true,"href":"https:\/\/www.paris-hotel-palym.com\/es\/wp-json\/wp\/v2\/comments?post=239749"}],"version-history":[{"count":14,"href":"https:\/\/www.paris-hotel-palym.com\/es\/wp-json\/wp\/v2\/pages\/239749\/revisions"}],"predecessor-version":[{"id":241985,"href":"https:\/\/www.paris-hotel-palym.com\/es\/wp-json\/wp\/v2\/pages\/239749\/revisions\/241985"}],"wp:attachment":[{"href":"https:\/\/www.paris-hotel-palym.com\/es\/wp-json\/wp\/v2\/media?parent=239749"}],"curies":[{"name":"wp","href":"https:\/\/api.w.org\/{rel}","templated":true}]}}