{"id":239744,"date":"2020-07-01T14:32:19","date_gmt":"2020-07-01T14:32:19","guid":{"rendered":"https:\/\/www.paris-hotel-palym.com\/mentions-legales\/"},"modified":"2023-12-01T14:02:52","modified_gmt":"2023-12-01T14:02:52","slug":"aviso-legal","status":"publish","type":"page","link":"https:\/\/www.paris-hotel-palym.com\/es\/aviso-legal\/","title":{"rendered":"Aviso legal"},"content":{"rendered":"[et_pb_section fb_built=\u00bb1&#8243; admin_label=\u00bbBandeau\u00bb module_id=\u00bbbanner-section\u00bb _builder_version=\u00bb4.4.8&#8243; background_image=\u00bbhttps:\/\/www.paris-hotel-palym.com\/wp-content\/uploads\/2020\/06\/Hotel-Palym-Chambre-triple-1.jpg\u00bb locked=\u00bboff\u00bb collapsed=\u00bboff\u00bb][et_pb_row _builder_version=\u00bb4.4.8&#8243;][et_pb_column type=\u00bb4_4&#8243; _builder_version=\u00bb4.4.8&#8243;][et_pb_text _builder_version=\u00bb4.4.8&#8243;]<h1>Aviso legal<\/h1>\r\n<h2>Hotel de dise\u00f1o en Par\u00eds &#8211; Gare de Lyon<\/h2>[\/et_pb_text][\/et_pb_column][\/et_pb_row][\/et_pb_section][et_pb_section fb_built=\u00bb1&#8243; module_class=\u00bbml-section\u00bb _builder_version=\u00bb4.4.8&#8243; collapsed=\u00bboff\u00bb][et_pb_row column_structure=\u00bb1_3,1_3,1_3&#8243; module_class=\u00bbml-row\u00bb _builder_version=\u00bb4.4.8&#8243;][et_pb_column type=\u00bb1_3&#8243; _builder_version=\u00bb4.4.8&#8243;][et_pb_text admin_label=\u00bbTitre\u00bb module_class=\u00bbml-titre-module motif border-ext\u00bb _builder_version=\u00bb4.4.8&#8243;]<h2 style=\"text-align: center;\">Propietario : Hotel Palym<\/h2>[\/et_pb_text][et_pb_code _builder_version=\u00bb4.4.8&#8243;]<ul><!-- [et_pb_line_break_holder] --><li><span class=\"span-black\">Tel\u00e9fono :<\/span>\u00a0+33(0)1 43 43 24 48<\/li><!-- [et_pb_line_break_holder] --><li><span class=\"span-black\">Direcci\u00f3n :<\/span> 4, rue Emile Gilbert, 75012 Paris &#8211; France<\/li><!-- [et_pb_line_break_holder] --><li><span class=\"span-black\">Siret :<\/span> N\u00b047793989600015<\/li><!-- [et_pb_line_break_holder] --><li><span class=\"span-black\">RCS :<\/span> Paris B 477939896<\/li><!-- [et_pb_line_break_holder] --><li><span class=\"span-black\">N\u00b0 TVA<\/span> : FR38477939896<\/li><!-- [et_pb_line_break_holder] --><li><span class=\"span-black\">Forma legal :<\/span> Soci\u00e9t\u00e9 par actions simplifi\u00e9e<\/li><!-- [et_pb_line_break_holder] --><li><span class=\"span-black\">Capital social<\/span> : 50.000,00 Euros<\/li><!-- [et_pb_line_break_holder] --><li><span class=\"span-black\">E-mail : <\/span>infos@hotel-palym.com<\/li><!-- [et_pb_line_break_holder] --><li><span class=\"span-black\">Director de la publicaci\u00f3n : <\/span>Coralie Letellier<\/li><!-- [et_pb_line_break_holder] --><\/ul>[\/et_pb_code][\/et_pb_column][et_pb_column type=\u00bb1_3&#8243; _builder_version=\u00bb4.4.8&#8243;][et_pb_text admin_label=\u00bbTitre\u00bb module_class=\u00bbml-titre-module motif border-ext\u00bb _builder_version=\u00bb4.4.8&#8243;]<h2 style=\"text-align: center;\">P\u00e1gina web : <a target=\"_blank\" href=\"https:\/\/www.altelis.com\/\" rel=\"noopener noreferrer\">Altelis<\/a><\/h2>[\/et_pb_text][et_pb_code _builder_version=\u00bb4.4.8&#8243;]<ul><!-- [et_pb_line_break_holder] --><li><span class=\"span-black\">Tel\u00e9fono :<\/span> 01 85 09 74 06<\/li><!-- [et_pb_line_break_holder] --><li><span class=\"span-black\">Direcci\u00f3n :<\/span> 37, Rue Adam Ledoux 92400 Courbevoie, France<\/li><!-- [et_pb_line_break_holder] --><li><span class=\"span-black\">Siret :<\/span> N\u00b080164723100019<\/li><!-- [et_pb_line_break_holder] --><li><span class=\"span-black\">RCS :<\/span> Paris B 801647231<\/li><!-- [et_pb_line_break_holder] --><li><span class=\"span-black\">N\u00b0 TVA :<\/span> FR44801647231<\/li><!-- [et_pb_line_break_holder] --><li><span class=\"span-black\">Forma legal :<\/span> SARL<\/li><!-- [et_pb_line_break_holder] --><li><span class=\"span-black\">Capital social :<\/span> 100.000,00 \u20ac<\/li><!-- [et_pb_line_break_holder] --><\/ul>[\/et_pb_code][\/et_pb_column][et_pb_column type=\u00bb1_3&#8243; _builder_version=\u00bb4.4.8&#8243;][et_pb_text admin_label=\u00bbTitre\u00bb module_class=\u00bbml-titre-module motif border-ext\u00bb _builder_version=\u00bb4.4.8&#8243;]<h2 style=\"text-align: center;\">Alojamiento : OVH<\/h2>[\/et_pb_text][et_pb_code _builder_version=\u00bb4.4.8&#8243;]<ul><!-- [et_pb_line_break_holder] --><li><span class=\"span-black\">Tel\u00e9fono :<\/span> 08 99 70 17 61<\/li><!-- [et_pb_line_break_holder] --><li><span class=\"span-black\">Direcci\u00f3n :<\/span> 2, rue Kellermann 59100 Roubaix, France<\/li><!-- [et_pb_line_break_holder] --><li><span class=\"span-black\">Siret :<\/span> N\u00b042476141900045<\/li><!-- [et_pb_line_break_holder] --><li><span class=\"span-black\">RCS :<\/span> Lille Metropole B 424761419<\/li><!-- [et_pb_line_break_holder] --><li><span class=\"span-black\">N\u00b0 TVA :<\/span> FR22424761419<\/li><!-- [et_pb_line_break_holder] --><li><span class=\"span-black\">Forma legal :<\/span> SAS<\/li><!-- [et_pb_line_break_holder] --><li><span class=\"span-black\">Capital social :<\/span> 10.000.000,00 \u20ac<\/li><!-- [et_pb_line_break_holder] --><\/ul>[\/et_pb_code][\/et_pb_column][\/et_pb_row][\/et_pb_section][et_pb_section fb_built=\u00bb1&#8243; admin_label=\u00bbLitiges\u00bb module_class=\u00bbml-section\u00bb _builder_version=\u00bb4.4.8&#8243; locked=\u00bboff\u00bb collapsed=\u00bboff\u00bb][et_pb_row module_class=\u00bbml-row\u00bb _builder_version=\u00bb4.4.8&#8243;][et_pb_column type=\u00bb4_4&#8243; _builder_version=\u00bb4.4.8&#8243;][et_pb_text admin_label=\u00bbTitre\u00bb module_class=\u00bbml-titre-module motif border-ext\u00bb _builder_version=\u00bb4.5.1&#8243; hover_enabled=\u00bb0&#8243;]<h2 style=\"text-align: center;\">Litigios<\/h2>\n[\/et_pb_text][et_pb_code _builder_version=\u00bb4.5.1&#8243; hover_enabled=\u00bb0&#8243;]<pee><!-- [et_pb_line_break_holder] -->En caso de litigio entre el profesional y el consumidor, \u00e9stos se esforzar\u00e1n por encontrar una soluci\u00f3n amistosa.   Si no se llega a un acuerdo amistoso, el consumidor podr\u00e1 recurrir gratuitamente al Defensor del Consumidor competente para el profesional, es decir, AME CONSO, en el plazo de un a\u00f1o a partir de la fecha de la reclamaci\u00f3n escrita enviada al profesional.   <!-- [et_pb_line_break_holder] -->  <!-- [et_pb_line_break_holder] -->La remisi\u00f3n al Defensor del Consumidor debe hacerse :<!-- [et_pb_line_break_holder] --><\/pee><!-- [et_pb_line_break_holder] --><!-- [et_pb_line_break_holder] --><ul><!-- [et_pb_line_break_holder] --><li>&#8211; bien cumplimentando el formulario previsto a tal efecto en la p\u00e1gina web de AME CONSO: www.mediationconso-ame.com ;<\/li><!-- [et_pb_line_break_holder] --><li>&#8211; o por correo postal dirigido a AME CONSO, 197 Boulevard Saint-Germain, 75007 Par\u00eds.<\/li><!-- [et_pb_line_break_holder] --><\/ul>[\/et_pb_code][\/et_pb_column][\/et_pb_row][\/et_pb_section]","protected":false},"excerpt":{"rendered":"[et_pb_section fb_built=\u00bb1&#8243; admin_label=\u00bbBandeau\u00bb module_id=\u00bbbanner-section\u00bb _builder_version=\u00bb4.4.8&#8243; background_image=\u00bbhttps:\/\/www.paris-hotel-palym.com\/wp-content\/uploads\/2020\/06\/Hotel-Palym-Chambre-triple-1.jpg\u00bb locked=\u00bboff\u00bb collapsed=\u00bboff\u00bb][et_pb_row _builder_version=\u00bb4.4.8&#8243;][et_pb_column type=\u00bb4_4&#8243; _builder_version=\u00bb4.4.8&#8243;][et_pb_text _builder_version=\u00bb4.4.8&#8243;]Aviso legal Hotel de dise\u00f1o en Par\u00eds &#8211; Gare de Lyon[\/et_pb_text][\/et_pb_column][\/et_pb_row][\/et_pb_section][et_pb_section fb_built=\u00bb1&#8243; module_class=\u00bbml-section\u00bb _builder_version=\u00bb4.4.8&#8243; collapsed=\u00bboff\u00bb][et_pb_row column_structure=\u00bb1_3,1_3,1_3&#8243; module_class=\u00bbml-row\u00bb _builder_version=\u00bb4.4.8&#8243;][et_pb_column type=\u00bb1_3&#8243; _builder_version=\u00bb4.4.8&#8243;][et_pb_text admin_label=\u00bbTitre\u00bb module_class=\u00bbml-titre-module motif border-ext\u00bb _builder_version=\u00bb4.4.8&#8243;]Propietario : Hotel Palym[\/et_pb_text][et_pb_code _builder_version=\u00bb4.4.8&#8243;]Tel\u00e9fono :\u00a0+33(0)1 43 43 24 48Direcci\u00f3n : 4, rue Emile Gilbert, 75012 Paris &#8211; FranceSiret : [&hellip;]","protected":false},"author":1,"featured_media":0,"parent":0,"menu_order":0,"comment_status":"closed","ping_status":"closed","template":"","meta":{"_et_pb_use_builder":"on","_et_pb_old_content":"","_et_gb_content_width":""},"yoast_head":"<!-- This site is optimized with the Yoast SEO plugin v14.3 - https:\/\/yoast.com\/wordpress\/plugins\/seo\/ -->\n<title>Hotel *** Palym | Hotel design Paris | Aviso legal<\/title>\n<meta name=\"description\" content=\"Encuentre el aviso legal del hotel de dise\u00f1o *** Palym en Par\u00eds, situado al pie de la estaci\u00f3n Gare de Lyon, cerca de Notre-Dame, Bastille o Bercy Village.\" \/>\n<meta name=\"robots\" content=\"index, follow\" \/>\n<meta name=\"googlebot\" content=\"index, follow, max-snippet:-1, max-image-preview:large, max-video-preview:-1\" \/>\n<meta name=\"bingbot\" content=\"index, follow, max-snippet:-1, max-image-preview:large, max-video-preview:-1\" \/>\n<link rel=\"canonical\" href=\"https:\/\/www.paris-hotel-palym.com\/es\/aviso-legal\/\" \/>\n<meta property=\"og:locale\" content=\"es_ES\" \/>\n<meta property=\"og:type\" content=\"article\" \/>\n<meta property=\"og:title\" content=\"Hotel *** Palym | Hotel design Paris | Aviso legal\" \/>\n<meta property=\"og:description\" content=\"Encuentre el aviso legal del hotel de dise\u00f1o *** Palym en Par\u00eds, situado al pie de la estaci\u00f3n Gare de Lyon, cerca de Notre-Dame, Bastille o Bercy Village.\" \/>\n<meta property=\"og:url\" content=\"https:\/\/www.paris-hotel-palym.com\/es\/aviso-legal\/\" \/>\n<meta property=\"og:site_name\" content=\"H\u00f4tel Palym - Paris Lyon\" \/>\n<meta property=\"article:modified_time\" content=\"2023-12-01T14:02:52+00:00\" \/>\n<meta name=\"twitter:card\" content=\"summary_large_image\" \/>\n<script type=\"application\/ld+json\" class=\"yoast-schema-graph\">{\"@context\":\"https:\/\/schema.org\",\"@graph\":[{\"@type\":\"WebSite\",\"@id\":\"https:\/\/www.paris-hotel-palym.com\/es\/#website\",\"url\":\"https:\/\/www.paris-hotel-palym.com\/es\/\",\"name\":\"H\\u00f4tel Palym - Paris Lyon\",\"description\":\"H\\u00f4tel Design \\u00e0 Paris Gare de Lyon\",\"potentialAction\":[{\"@type\":\"SearchAction\",\"target\":\"https:\/\/www.paris-hotel-palym.com\/es\/?s={search_term_string}\",\"query-input\":\"required name=search_term_string\"}],\"inLanguage\":\"es\"},{\"@type\":\"WebPage\",\"@id\":\"https:\/\/www.paris-hotel-palym.com\/es\/aviso-legal\/#webpage\",\"url\":\"https:\/\/www.paris-hotel-palym.com\/es\/aviso-legal\/\",\"name\":\"Hotel *** Palym | Hotel design Paris | Aviso legal\",\"isPartOf\":{\"@id\":\"https:\/\/www.paris-hotel-palym.com\/es\/#website\"},\"datePublished\":\"2020-07-01T14:32:19+00:00\",\"dateModified\":\"2023-12-01T14:02:52+00:00\",\"description\":\"Encuentre el aviso legal del hotel de dise\\u00f1o *** Palym en Par\\u00eds, situado al pie de la estaci\\u00f3n Gare de Lyon, cerca de Notre-Dame, Bastille o Bercy Village.\",\"inLanguage\":\"es\",\"potentialAction\":[{\"@type\":\"ReadAction\",\"target\":[\"https:\/\/www.paris-hotel-palym.com\/es\/aviso-legal\/\"]}]}]}<\/script>\n<!-- \/ Yoast SEO plugin. -->","_links":{"self":[{"href":"https:\/\/www.paris-hotel-palym.com\/es\/wp-json\/wp\/v2\/pages\/239744"}],"collection":[{"href":"https:\/\/www.paris-hotel-palym.com\/es\/wp-json\/wp\/v2\/pages"}],"about":[{"href":"https:\/\/www.paris-hotel-palym.com\/es\/wp-json\/wp\/v2\/types\/page"}],"author":[{"embeddable":true,"href":"https:\/\/www.paris-hotel-palym.com\/es\/wp-json\/wp\/v2\/users\/1"}],"replies":[{"embeddable":true,"href":"https:\/\/www.paris-hotel-palym.com\/es\/wp-json\/wp\/v2\/comments?post=239744"}],"version-history":[{"count":10,"href":"https:\/\/www.paris-hotel-palym.com\/es\/wp-json\/wp\/v2\/pages\/239744\/revisions"}],"predecessor-version":[{"id":242931,"href":"https:\/\/www.paris-hotel-palym.com\/es\/wp-json\/wp\/v2\/pages\/239744\/revisions\/242931"}],"wp:attachment":[{"href":"https:\/\/www.paris-hotel-palym.com\/es\/wp-json\/wp\/v2\/media?parent=239744"}],"curies":[{"name":"wp","href":"https:\/\/api.w.org\/{rel}","templated":true}]}}